{"id":66,"date":"2024-05-08T09:55:35","date_gmt":"2024-05-08T12:55:35","guid":{"rendered":"https:\/\/antoniocolangelo.com\/?page_id=66"},"modified":"2025-10-01T18:31:32","modified_gmt":"2025-10-01T21:31:32","slug":"bio","status":"publish","type":"page","link":"https:\/\/antoniocolangelo.com\/index.php\/bio\/","title":{"rendered":"Bio"},"content":{"rendered":"\t\t<div data-elementor-type=\"wp-page\" data-elementor-id=\"66\" class=\"elementor elementor-66\">\n\t\t\t\t\t\t<section class=\"elementor-section elementor-top-section elementor-element elementor-element-3c083a4e elementor-section-boxed elementor-section-height-default elementor-section-height-default\" data-id=\"3c083a4e\" data-element_type=\"section\">\n\t\t\t\t\t\t<div class=\"elementor-container elementor-column-gap-default\">\n\t\t\t\t\t<div class=\"elementor-column elementor-col-100 elementor-top-column elementor-element elementor-element-ccaa965\" data-id=\"ccaa965\" data-element_type=\"column\">\n\t\t\t<div class=\"elementor-widget-wrap elementor-element-populated\">\n\t\t\t\t\t\t<div class=\"elementor-element elementor-element-3b834b93 elementor-widget elementor-widget-text-editor\" data-id=\"3b834b93\" data-element_type=\"widget\" data-widget_type=\"text-editor.default\">\n\t\t\t\t<div class=\"elementor-widget-container\">\n\t\t\t\t\t\t\t\t\t\n<p>Nascido na Italia em 1978, estudou piano erudito dos 7 anos aos 12 anos de idade. Aos 15 anos iniciou tocar guitarra, como autodidata.<\/p>\n\n\n\n<p>Em 1999, ao longo de 2 anos, estudou Guitarra Jazz com renomados m\u00fasicos italianos na prestigiosa <strong>Accademia dei Musicisti Associati de Napoles (Italia)<\/strong>, onde foi bolsista.<\/p>\n\n\n\n<p>Com uma forma\u00e7\u00e3o s\u00f3lida e uma vasta experi\u00eancia musical, ele une sua paix\u00e3o pela m\u00fasica \u00e0 sua educa\u00e7\u00e3o acad\u00eamica. Graduado em Ci\u00eancias Sociais pela Universidade &#8220;L&#8217;Orientale&#8221; em N\u00e1poles, na It\u00e1lia, aprimorou sua compreens\u00e3o das nuances culturais e sociais que permeiam a m\u00fasica. Al\u00e9m disso, ele obteve seu mestrado em Psicologia Social pela<strong> Universidade Federal de Santa Catarina (UFSC)<\/strong>, onde explorou as interse\u00e7\u00f5es entre antropologia, psicologia e m\u00fasica.<\/p>\n\n\n\n<p>Seu compromisso com a excel\u00eancia musical o levou a buscar aprofundamento na p\u00f3s gradua\u00e7\u00e3o &#8220;Processos Criativos em M\u00fasica Popular: Jazz e M\u00fasica Popular Brasileira&#8221; na prestigiada <strong>Faculdade Souza &#8211; Lima,<\/strong> em S\u00e3o Paulo (SP). Essa especializa\u00e7\u00e3o enriqueceu sua compreens\u00e3o da diversidade musical e ampliou seu repert\u00f3rio teorico, t\u00e9cnico e estilistico. <\/p>\n\n\n\n<p>Ao longo de sua carreira, teve o privil\u00e9gio de colaborar com uma variedade de artistas e institui\u00e7\u00f5es musicais, tanto nacional quanto internacionalmente. Sua jornada musical o levou a explorar e contribuir para projetos em diversas regi\u00f5es do mundo, incluindo<strong> Europa, Oriente M\u00e9dio e Am\u00e9rica Latina<\/strong>. Essas experi\u00eancias moldaram sua abordagem musical, enriquecendo seu estilo e sua express\u00e3o art\u00edstica.<\/p>\n\n\n\n<p>Estudou e tocou com m\u00fasicos de destaque nacional e internacional. Atualmente tem se apresentado em v\u00e1rios projetos musicais de <strong>Jazz<\/strong>, <strong>Fusion<\/strong>, <strong>Rock<\/strong> e <strong>M\u00fasica Brasileira<\/strong>. Ministra cursos, oficinas, semin\u00e1rios, workshops e masterclass em Universidades e Escolas de M\u00fasica.<\/p>\n\n\n\n<p>Em janeiro de 2020 lan\u00e7ou seu album \u201c<strong>Tabaco y Az\u00facar<\/strong>\u201d, produzido e lan\u00e7ado pelo prestigioso selo italiano \u201cDodicilune\u201d . O Album \u201cTabaco y Az\u00facar&#8221; foi muito bem recebido por r\u00e1dios, TVs e<strong> Imprensa nacional italiana e internacional<\/strong>: All About Jazz (USA), Pure Beat Radio (Esc\u00f3cia), Rai TV (Italia), Il Manifesto (Italia), Musica Jazz (Italia), Arte por Excelencias (Cuba), Jazz Blues News (USA), Babel Radio (Uruguai), Punto Radio (Italia) entre outros.<\/p>\n\n\n\n<figure class=\"wp-block-image size-large\"><img fetchpriority=\"high\" decoding=\"async\" width=\"1024\" height=\"683\" src=\"https:\/\/antoniocolangelo.com\/wp-content\/uploads\/2024\/05\/IMG_9913-ok-2-1024x683.jpg\" alt=\"\" class=\"wp-image-77\" srcset=\"https:\/\/antoniocolangelo.com\/wp-content\/uploads\/2024\/05\/IMG_9913-ok-2-1024x683.jpg 1024w, https:\/\/antoniocolangelo.com\/wp-content\/uploads\/2024\/05\/IMG_9913-ok-2-300x200.jpg 300w, https:\/\/antoniocolangelo.com\/wp-content\/uploads\/2024\/05\/IMG_9913-ok-2-768x512.jpg 768w, https:\/\/antoniocolangelo.com\/wp-content\/uploads\/2024\/05\/IMG_9913-ok-2-1536x1024.jpg 1536w, https:\/\/antoniocolangelo.com\/wp-content\/uploads\/2024\/05\/IMG_9913-ok-2-2048x1365.jpg 2048w, https:\/\/antoniocolangelo.com\/wp-content\/uploads\/2024\/05\/IMG_9913-ok-2-450x300.jpg 450w\" sizes=\"(max-width: 1024px) 100vw, 1024px\" \/><\/figure>\n\t\t\t\t\t\t\t\t<\/div>\n\t\t\t\t<\/div>\n\t\t\t\t\t<\/div>\n\t\t<\/div>\n\t\t\t\t\t<\/div>\n\t\t<\/section>\n\t\t\t\t<section class=\"elementor-section elementor-top-section elementor-element elementor-element-ace22c0 elementor-section-boxed elementor-section-height-default elementor-section-height-default\" data-id=\"ace22c0\" data-element_type=\"section\">\n\t\t\t\t\t\t<div class=\"elementor-container elementor-column-gap-default\">\n\t\t\t\t\t<div class=\"elementor-column elementor-col-100 elementor-top-column elementor-element elementor-element-83ea838\" data-id=\"83ea838\" data-element_type=\"column\">\n\t\t\t<div class=\"elementor-widget-wrap elementor-element-populated\">\n\t\t\t\t\t\t<div class=\"elementor-element elementor-element-b6fe5e9 elementor-shape-rounded elementor-grid-0 e-grid-align-center elementor-widget elementor-widget-social-icons\" data-id=\"b6fe5e9\" data-element_type=\"widget\" data-widget_type=\"social-icons.default\">\n\t\t\t\t<div class=\"elementor-widget-container\">\n\t\t\t\t\t\t\t<div class=\"elementor-social-icons-wrapper elementor-grid\" role=\"list\">\n\t\t\t\t\t\t\t<span class=\"elementor-grid-item\" role=\"listitem\">\n\t\t\t\t\t<a class=\"elementor-icon elementor-social-icon elementor-social-icon-facebook elementor-repeater-item-97d226e\" href=\"https:\/\/www.facebook.com\/Antonio-Colangelo-Music-1954254398171778\/\" target=\"_blank\">\n\t\t\t\t\t\t<span class=\"elementor-screen-only\">Facebook<\/span>\n\t\t\t\t\t\t<i aria-hidden=\"true\" class=\"fab fa-facebook\"><\/i>\t\t\t\t\t<\/a>\n\t\t\t\t<\/span>\n\t\t\t\t\t\t\t<span class=\"elementor-grid-item\" role=\"listitem\">\n\t\t\t\t\t<a class=\"elementor-icon elementor-social-icon elementor-social-icon-youtube elementor-repeater-item-1d70dee\" href=\"https:\/\/www.youtube.com\/user\/colangeloantonio\" target=\"_blank\">\n\t\t\t\t\t\t<span class=\"elementor-screen-only\">Youtube<\/span>\n\t\t\t\t\t\t<i aria-hidden=\"true\" class=\"fab fa-youtube\"><\/i>\t\t\t\t\t<\/a>\n\t\t\t\t<\/span>\n\t\t\t\t\t\t\t<span class=\"elementor-grid-item\" role=\"listitem\">\n\t\t\t\t\t<a class=\"elementor-icon elementor-social-icon elementor-social-icon-instagram elementor-repeater-item-769a5f6\" href=\"https:\/\/www.instagram.com\/antonio.colangelo.music\/\" target=\"_blank\">\n\t\t\t\t\t\t<span class=\"elementor-screen-only\">Instagram<\/span>\n\t\t\t\t\t\t<i aria-hidden=\"true\" class=\"fab fa-instagram\"><\/i>\t\t\t\t\t<\/a>\n\t\t\t\t<\/span>\n\t\t\t\t\t\t\t<span class=\"elementor-grid-item\" role=\"listitem\">\n\t\t\t\t\t<a class=\"elementor-icon elementor-social-icon elementor-social-icon-whatsapp elementor-repeater-item-a45df84\" href=\"https:\/\/api.whatsapp.com\/send?phone=5548996659414\" target=\"_blank\">\n\t\t\t\t\t\t<span class=\"elementor-screen-only\">Whatsapp<\/span>\n\t\t\t\t\t\t<i aria-hidden=\"true\" class=\"fab fa-whatsapp\"><\/i>\t\t\t\t\t<\/a>\n\t\t\t\t<\/span>\n\t\t\t\t\t<\/div>\n\t\t\t\t\t\t<\/div>\n\t\t\t\t<\/div>\n\t\t\t\t\t<\/div>\n\t\t<\/div>\n\t\t\t\t\t<\/div>\n\t\t<\/section>\n\t\t\t\t<section class=\"elementor-section elementor-top-section elementor-element elementor-element-636308d elementor-section-boxed elementor-section-height-default elementor-section-height-default\" data-id=\"636308d\" data-element_type=\"section\">\n\t\t\t\t\t\t<div class=\"elementor-container elementor-column-gap-default\">\n\t\t\t\t\t<div class=\"elementor-column elementor-col-100 elementor-top-column elementor-element elementor-element-624abf5\" data-id=\"624abf5\" data-element_type=\"column\">\n\t\t\t<div class=\"elementor-widget-wrap elementor-element-populated\">\n\t\t\t\t\t\t<div class=\"elementor-element elementor-element-ceeb4c5 elementor-view-stacked elementor-widget__width-auto elementor-fixed elementor-shape-circle elementor-widget elementor-widget-icon\" data-id=\"ceeb4c5\" data-element_type=\"widget\" data-settings=\"{&quot;_position&quot;:&quot;fixed&quot;}\" data-widget_type=\"icon.default\">\n\t\t\t\t<div class=\"elementor-widget-container\">\n\t\t\t\t\t\t\t<div class=\"elementor-icon-wrapper\">\n\t\t\t<a class=\"elementor-icon elementor-animation-shrink\" href=\"https:\/\/wa.me\/5548996659414\" target=\"_blank\">\n\t\t\t<i aria-hidden=\"true\" class=\"fab fa-whatsapp\"><\/i>\t\t\t<\/a>\n\t\t<\/div>\n\t\t\t\t\t\t<\/div>\n\t\t\t\t<\/div>\n\t\t\t\t\t<\/div>\n\t\t<\/div>\n\t\t\t\t\t<\/div>\n\t\t<\/section>\n\t\t\t\t<\/div>\n\t\t","protected":false},"excerpt":{"rendered":"<p>Nascido na Italia em 1978, estudou piano erudito dos 7 anos aos 12 anos de idade. Aos 15 anos iniciou tocar guitarra, como autodidata. Em 1999, ao longo de 2 anos, estudou Guitarra Jazz com renomados m\u00fasicos italianos na prestigiosa &hellip; <a href=\"https:\/\/antoniocolangelo.com\/index.php\/bio\/\">Continue lendo <span class=\"meta-nav\">&rarr;<\/span><\/a><\/p>\n","protected":false},"author":1,"featured_media":0,"parent":0,"menu_order":0,"comment_status":"closed","ping_status":"closed","template":"","meta":{"om_disable_all_campaigns":false,"_monsterinsights_skip_tracking":false,"_monsterinsights_sitenote_active":false,"_monsterinsights_sitenote_note":"","_monsterinsights_sitenote_category":0,"footnotes":""},"class_list":["post-66","page","type-page","status-publish","hentry"],"aioseo_notices":[],"_links":{"self":[{"href":"https:\/\/antoniocolangelo.com\/index.php\/wp-json\/wp\/v2\/pages\/66","targetHints":{"allow":["GET"]}}],"collection":[{"href":"https:\/\/antoniocolangelo.com\/index.php\/wp-json\/wp\/v2\/pages"}],"about":[{"href":"https:\/\/antoniocolangelo.com\/index.php\/wp-json\/wp\/v2\/types\/page"}],"author":[{"embeddable":true,"href":"https:\/\/antoniocolangelo.com\/index.php\/wp-json\/wp\/v2\/users\/1"}],"replies":[{"embeddable":true,"href":"https:\/\/antoniocolangelo.com\/index.php\/wp-json\/wp\/v2\/comments?post=66"}],"version-history":[{"count":14,"href":"https:\/\/antoniocolangelo.com\/index.php\/wp-json\/wp\/v2\/pages\/66\/revisions"}],"predecessor-version":[{"id":405,"href":"https:\/\/antoniocolangelo.com\/index.php\/wp-json\/wp\/v2\/pages\/66\/revisions\/405"}],"wp:attachment":[{"href":"https:\/\/antoniocolangelo.com\/index.php\/wp-json\/wp\/v2\/media?parent=66"}],"curies":[{"name":"wp","href":"https:\/\/api.w.org\/{rel}","templated":true}]}}